{"id":2757,"date":"2025-08-15T18:04:22","date_gmt":"2025-08-15T18:04:22","guid":{"rendered":"https:\/\/brasilsat.com.br\/loja\/agro\/?page_id=2757"},"modified":"2025-08-15T19:20:49","modified_gmt":"2025-08-15T19:20:49","slug":"politica-de-privacidade","status":"publish","type":"page","link":"https:\/\/brasilsat.com.br\/loja\/agro\/politica-de-privacidade\/","title":{"rendered":"Politica de Privacidade"},"content":{"rendered":"\t\t<div data-elementor-type=\"wp-page\" data-elementor-id=\"2757\" class=\"elementor elementor-2757\" data-elementor-post-type=\"page\">\n\t\t\t\t<div class=\"elementor-element elementor-element-7664cdd e-flex e-con-boxed e-con e-parent\" data-id=\"7664cdd\" data-element_type=\"container\" data-e-type=\"container\">\n\t\t\t\t\t<div class=\"e-con-inner\">\n\t\t<div class=\"elementor-element elementor-element-fb185b8 e-con-full e-flex e-con e-child\" data-id=\"fb185b8\" data-element_type=\"container\" data-e-type=\"container\">\n\t\t\t\t<div class=\"elementor-element elementor-element-4b84c64 elementor-widget elementor-widget-heading\" data-id=\"4b84c64\" data-element_type=\"widget\" data-e-type=\"widget\" data-widget_type=\"heading.default\">\n\t\t\t\t<div class=\"elementor-widget-container\">\n\t\t\t\t\t<h2 class=\"elementor-heading-title elementor-size-default\">Politica de Privacidade<\/h2>\t\t\t\t<\/div>\n\t\t\t\t<\/div>\n\t\t\t\t<div class=\"elementor-element elementor-element-6f5b2b39 texto elementor-widget elementor-widget-text-editor\" data-id=\"6f5b2b39\" data-element_type=\"widget\" data-e-type=\"widget\" data-widget_type=\"text-editor.default\">\n\t\t\t\t<div class=\"elementor-widget-container\">\n\t\t\t\t\t\t\t\t\t\n<p>Atrav\u00e9s da Politica de Privacidade, o usu\u00e1rio dos produtos e servi\u00e7os BRASILSAT HARALD S.A. ter\u00e1 acesso sobre a forma de tratamento de seus dados pessoais, e a sua import\u00e2ncia para cumprimento de nosso mister.<\/p>\n\n<p>Mas, se ap\u00f3s a leitura ainda houver alguma d\u00favida, voc\u00ea pode entrar em contato conosco atrav\u00e9s do e-mail:\u00a0<a href=\"https:\/\/mailto:dadospessoais@brasilsat.com.br\/\" target=\"_blank\" rel=\"noreferrer noopener\">dadospessoais@brasilsat.com.br<\/a>, onde receber\u00e1 a resposta de nosso(a) Encarregado(a) de Dados, respons\u00e1vel pela prote\u00e7\u00e3o e monitoramento de seus direitos.<\/p>\n<hr class=\"wp-block-separator has-alpha-channel-opacity\" \/>\n<h2 class=\"wp-block-heading\">Politica de Privacidade de dados pessoais<\/h2>\n\n<p>A BRASILSAT HARALD S.A. possui em sua ess\u00eancia a privacidade, o sigilo, a confidencialidade e a prote\u00e7\u00e3o das informa\u00e7\u00f5es empresariais e segredos comerciais de seus clientes e parceiros de neg\u00f3cios.<\/p>\n\n<p>Ao tratarmos de dados pessoais, essa preocupa\u00e7\u00e3o e cuidado tomou propor\u00e7\u00f5es ainda maiores, de modo que \u00e9 fundamental para n\u00f3s, atrav\u00e9s desta Pol\u00edtica de Privacidade, explicarmos de forma clara e transparente, que todo nosso tratamento de dados est\u00e1 pautado nos princ\u00edpios da finalidade, necessidade, transpar\u00eancia, qualidade, adequa\u00e7\u00e3o, livre acesso, n\u00e3o discrimina\u00e7\u00e3o, preven\u00e7\u00e3o, seguran\u00e7a e presta\u00e7\u00e3o de contas.<\/p>\n\n<p>Al\u00e9m disso, esta pol\u00edtica tem como intuito informar que, dentre nossos valores de atua\u00e7\u00e3o, a cultura em prote\u00e7\u00e3o de dados possui destaque de protagonista, pois visamos sempre garantir os direitos e garantias individuais dos titulares.<\/p>\n\n<p>Sugerimos a leitura da nossa pol\u00edtica, e caso restem d\u00favidas, sinta-se \u00e0 vontade para esclarec\u00ea-las atrav\u00e9s do seguinte e-mail:<\/p>\n\n<p><a href=\"https:\/\/mailto:dadospessoais@brasilsat.com.br\/\" target=\"_blank\" rel=\"noreferrer noopener\">dadospessoais@brasilsat.com.br<\/a><\/p>\n\n<p>Abaixo voc\u00ea poder\u00e1 optar em escolher o t\u00f3pico de interesse, para tornar mais f\u00e1cil sua experi\u00eancia de navega\u00e7\u00e3o.<\/p>\n<p>\u00a0<\/p>\n<hr class=\"wp-block-separator has-alpha-channel-opacity\" \/>\n<h3 class=\"wp-block-heading\">1. OBJETIVO<\/h3>\n\n<p>A Lei Geral de Prote\u00e7\u00e3o de Dados \u2013 Lei n\u00ba 13.709\/2018, tem objetivo de proteger os direitos fundamentais de liberdade e de privacidade e o livre desenvolvimento da personalidade da pessoa natural.<\/p>\n\n<p>Em atendimento \u00e0s determina\u00e7\u00f5es da LGPD, a BRASILSAT desenvolveu um Plano de Governan\u00e7a em Tratamento de Dados, em busca dos seguintes objetivos:<\/p>\n\n<ul class=\"wp-block-list\">\n<li>Criar uma cultura de prote\u00e7\u00e3o de dados na empresa;<\/li>\n\n<li>Aplica\u00e7\u00e3o de crit\u00e9rios de seguran\u00e7a e inova\u00e7\u00e3o na forma de tratamento de dados pessoais;<\/li>\n\n<li>A\u00e7\u00f5es baseadas na TRANSPAR\u00caNCIA, FINALIDADE e PROTE\u00c7\u00c3O, no tratamento de dados pessoais.<\/li>\n<\/ul>\n\n<p>Por isso, para que n\u00e3o haja d\u00favidas em sua leitura, importante destacar alguns conceitos determinados pela pr\u00f3pria LGPD. Vejamos:<\/p>\n\n<p>1.1.\u00a0<strong>DADO PESSOAL<\/strong>: informa\u00e7\u00e3o relacionada a pessoa natural identificada ou identific\u00e1vel;<\/p>\n\n<p>1.2.\u00a0<strong>DADO PESSOAL SENS\u00cdVEL<\/strong>: dado pessoal sobre origem racial ou \u00e9tnica, convic\u00e7\u00e3o religiosa, opini\u00e3o pol\u00edtica, filia\u00e7\u00e3o a sindicato ou a organiza\u00e7\u00e3o de car\u00e1ter religioso, filos\u00f3fico ou pol\u00edtico, dado referente \u00e0 sa\u00fade ou \u00e0 vida sexual, dado gen\u00e9tico ou biom\u00e9trico, quando vinculado a uma pessoa natural;<\/p>\n\n<p>1.3.\u00a0<strong>DADO ANONIMIZADO<\/strong>: dado relativo a titular que n\u00e3o possa ser identificado, considerando a utiliza\u00e7\u00e3o de meios t\u00e9cnicos razo\u00e1veis e dispon\u00edveis na ocasi\u00e3o de seu tratamento;<\/p>\n\n<p>1.4.\u00a0<strong>BANCO DE DADOS<\/strong>: conjunto estruturado de dados pessoais, estabelecido em um ou em v\u00e1rios locais, em suporte eletr\u00f4nico ou f\u00edsico;<\/p>\n\n<p>1.5.\u00a0<strong>TITULAR<\/strong>: pessoa natural a quem se referem os dados pessoais que s\u00e3o objeto de tratamento;<\/p>\n\n<p>1.6.\u00a0<strong>CONTROLADOR<\/strong>: pessoa natural ou jur\u00eddica, de direito p\u00fablico ou privado, a quem competem as decis\u00f5es referentes ao tratamento de dados pessoais;<\/p>\n\n<p>1.7.\u00a0<strong>OPERADOR<\/strong>: pessoa natural ou jur\u00eddica, de direito p\u00fablico ou privado, que realiza o tratamento de dados pessoais em nome do controlador;<\/p>\n\n<p>1.8.\u00a0<strong>ENCARREGADO<\/strong>: pessoa indicada pelo controlador e operador para atuar como canal de comunica\u00e7\u00e3o entre o controlador, os titulares dos dados e a Autoridade Nacional de Prote\u00e7\u00e3o de Dados (ANPD);<\/p>\n\n<p>1.9.\u00a0<strong>AGENTES DE TRATAMENTO<\/strong>: o controlador e o operador;<\/p>\n\n<p>1.10.\u00a0<strong>TRATAMENTO<\/strong>: toda opera\u00e7\u00e3o realizada com dados pessoais, como as que se referem a coleta, produ\u00e7\u00e3o, recep\u00e7\u00e3o, classifica\u00e7\u00e3o, utiliza\u00e7\u00e3o, acesso, reprodu\u00e7\u00e3o, transmiss\u00e3o, distribui\u00e7\u00e3o, processamento, arquivamento, armazenamento, elimina\u00e7\u00e3o, avalia\u00e7\u00e3o ou controle da informa\u00e7\u00e3o, modifica\u00e7\u00e3o, comunica\u00e7\u00e3o, transfer\u00eancia, difus\u00e3o ou extra\u00e7\u00e3o;<\/p>\n\n<p>1.11.\u00a0<strong>ANONIMIZA\u00c7\u00c3O<\/strong>: utiliza\u00e7\u00e3o de meios t\u00e9cnicos razo\u00e1veis e dispon\u00edveis no momento do tratamento, por meio dos quais um dado perde a possibilidade de associa\u00e7\u00e3o, direta ou indireta, a um indiv\u00edduo;<\/p>\n\n<p>1.12.\u00a0<strong>CONSENTIMENTO<\/strong>: manifesta\u00e7\u00e3o livre, informada e inequ\u00edvoca pela qual o titular concorda com o tratamento de seus dados pessoais para uma finalidade determinada;<\/p>\n\n<p>1.13.\u00a0<strong>BLOQUEIO<\/strong>: suspens\u00e3o tempor\u00e1ria de qualquer opera\u00e7\u00e3o de tratamento, mediante guarda do dado pessoal ou do banco de dados;<\/p>\n\n<p>1.14.\u00a0<strong>ELIMINA\u00c7\u00c3O<\/strong>: exclus\u00e3o de dado ou de conjunto de dados armazenados em banco de dados, independentemente do procedimento empregado;<\/p>\n\n<p>1.15.\u00a0<strong>TRANSFER\u00caNCIA INTERNACIONAL DE DADOS<\/strong>: transfer\u00eancia de dados pessoais para pa\u00eds estrangeiro ou organismo internacional do qual o pa\u00eds seja membro;<\/p>\n\n<p>1.16.\u00a0<strong>USO COMPARTILHADO DE DADOS<\/strong>: comunica\u00e7\u00e3o, difus\u00e3o, transfer\u00eancia internacional, interconex\u00e3o de dados pessoais ou tratamento compartilhado de bancos de dados pessoais por \u00f3rg\u00e3os e entidades p\u00fablicos no cumprimento de suas compet\u00eancias legais, ou entre esses e entes privados, reciprocamente, com autoriza\u00e7\u00e3o espec\u00edfica, para uma ou mais modalidades de tratamento permitidas por esses entes p\u00fablicos, ou entre entes privados;<\/p>\n\n<p>1.17.\u00a0<strong>RELAT\u00d3RIO DE IMPACTO \u00c0 PROTE\u00c7\u00c3O DE DADOS PESSOAIS<\/strong>: documenta\u00e7\u00e3o do controlador que cont\u00e9m a descri\u00e7\u00e3o dos processos de tratamento de dados pessoais que podem gerar riscos \u00e0s liberdades civis e aos direitos fundamentais, bem como medidas, salvaguardas e mecanismos de mitiga\u00e7\u00e3o de risco;<\/p>\n\n<p>1.18.\u00a0<strong>AUTORIDADE NACIONAL<\/strong>: \u00f3rg\u00e3o da administra\u00e7\u00e3o p\u00fablica respons\u00e1vel por zelar, implementar e fiscalizar o cumprimento desta Lei em todo o territ\u00f3rio nacional.<\/p>\n\n<p>1.19.\u00a0<strong>COOKIES<\/strong>: s\u00e3o pequenos arquivos eletr\u00f4nicos enviados por um site para o navegador do usu\u00e1rio, que permite saber e identificar como e quando as p\u00e1ginas e as plataformas s\u00e3o visitadas. Eles s\u00e3o \u00fateis, por exemplo, para entender melhor as prefer\u00eancias dos usu\u00e1rios, oferecer produtos ou servi\u00e7os, gravar senhas, manter produtos adicionados em carrinhos, enfim, aumentar a efici\u00eancia e melhorar a experi\u00eancia do internauta.<\/p>\n<hr class=\"wp-block-separator has-alpha-channel-opacity\" \/>\n<h3 class=\"wp-block-heading\">2. QUAIS DADOS PESSOAIS S\u00c3O TRATADOS?<\/h3>\n\n<p>Os dados pessoais que tratamos s\u00e3o fornecidos por nossos clientes pessoas jur\u00eddicas, para fins de presta\u00e7\u00e3o do servi\u00e7o contratado, ou, s\u00e3o fornecidos diretamente pelo titular de dados, sendo que, de ambas as formas, ocorre para o cumprimento seguro e completo de nossas atividades.<\/p>\n\n<p>Em regra, coletamos dados essenciais para cadastro e identifica\u00e7\u00e3o de nossos clientes, visitantes, contratantes e colaboradores, resumindo-se nas seguintes informa\u00e7\u00f5es:<\/p>\n\n<ul class=\"wp-block-list\">\n<li>Nome completo;<\/li>\n\n<li>Data de nascimento;<\/li>\n\n<li>G\u00eanero;<\/li>\n\n<li>Nome da m\u00e3e;<\/li>\n\n<li>Endere\u00e7o completo;<\/li>\n\n<li>CPF\/RG\/CNH;<\/li>\n\n<li>Telefone;<\/li>\n\n<li>E-mail;<\/li>\n\n<li>Fotografia facial;<\/li>\n\n<li>Dados biom\u00e9tricos;<\/li>\n\n<li>Dados de sa\u00fade ocupacional.<\/li>\n<\/ul>\n\n<p>Eventualmente, outros tipos de dados poder\u00e3o ser coletados, para finalidades espec\u00edficas e necess\u00e1rias para determinados tipos de atividades, contudo, sempre ser\u00e3o fornecidos com o consentimento do titular ou seu respons\u00e1vel, ou ainda, que a coleta seja permitida com fundamento em outra base legal prevista em lei.<\/p>\n\n<p>Em qualquer caso, a coleta de dados e as atividades de tratamento dela decorrentes ser\u00e3o informadas aos usu\u00e1rios dos nossos servi\u00e7os.<\/p>\n<hr class=\"wp-block-separator has-alpha-channel-opacity\" \/>\n<h3 class=\"wp-block-heading\">3. QUAIS AS FINALIDADES DOS DADOS TRATADOS?<\/h3>\n\n<p>Os dados coletados possuem finalidade de identifica\u00e7\u00e3o do titular, para que possamos realizar as seguintes finalidades:<\/p>\n\n<ul class=\"wp-block-list\">\n<li>Cadastro de clientes;<\/li>\n\n<li>Cadastro de visitantes;<\/li>\n\n<li>Identifica\u00e7\u00e3o em contratos;<\/li>\n\n<li>Emiss\u00e3o de notas fiscais;<\/li>\n\n<li>Registro de funcion\u00e1rios e colaboradores.<\/li>\n<\/ul>\n\n<p>De toda forma, registramos que seus dados n\u00e3o ter\u00e3o finalidades desviadas, e somente ser\u00e3o acessadas por pessoas autorizadas, conhecedoras das pol\u00edticas internas de seguran\u00e7a, e sob a rigorosa a\u00e7\u00e3o fiscalizadora, respons\u00e1vel pela aplica\u00e7\u00e3o de san\u00e7\u00f5es c\u00edveis e criminais, em caso de viola\u00e7\u00e3o \u00e0s regras de privacidade.<\/p>\n\n<p>Quanto aos prazos de tratamento, \u00e9 importante dizer que, de maneira geral, devemos armazenar os dados coletados pelo tempo necess\u00e1rio ao cumprimento de sua miss\u00e3o. N\u00e3o havendo mais finalidade e necessidade para as atividades empresariais da BRASILSAT, os dados pessoais ser\u00e3o eliminados.<\/p>\n\n<p>Vale dizer que, se houver alguma justificativa legal ou regulat\u00f3ria, os dados poder\u00e3o continuar armazenados ainda que a finalidade para a qual foram coletados ou tenham sido tratados, tenha se exaurido.<\/p>\n\n<p>Uma vez finalizado o tratamento, observadas as disposi\u00e7\u00f5es desta se\u00e7\u00e3o, os dados s\u00e3o destru\u00eddos, eliminados ou apagados.<\/p>\n<hr class=\"wp-block-separator has-alpha-channel-opacity\" \/>\n<h3 class=\"wp-block-heading\">4. SOBRE O COMPARTILHAMENTO DE DADOS<\/h3>\n\n<p>A BRASILSAT \u00e9 destinat\u00e1ria de compartilhamento de dados pessoais, fornecidos por seus clientes pessoa jur\u00eddica, para fins de executar os servi\u00e7os pelos quais foi contratada. E da mesma forma, poder\u00e1 compartilhar referidos dados pessoais com terceiros, com objetivo de atingir a finalidade pela qual foi contratada.<\/p>\n\n<p>Al\u00e9m das hip\u00f3teses de execu\u00e7\u00e3o dos contratos, \u00e9 poss\u00edvel que a BRASILSAT compartilhe dados com terceiros para cumprir alguma determina\u00e7\u00e3o legal ou regulat\u00f3ria, ou, ainda, para cumprir alguma ordem expedida por autoridade p\u00fablica.<\/p>\n\n<p>Em qualquer caso, o compartilhamento de dados pessoais observar\u00e1 todas as leis e regras aplic\u00e1veis, buscando sempre garantir a seguran\u00e7a dos dados de nossos usu\u00e1rios, clientes e colaboradores, observados os padr\u00f5es t\u00e9cnicos empregados no mercado.<\/p>\n<hr class=\"wp-block-separator has-alpha-channel-opacity\" \/>\n<h3 class=\"wp-block-heading\">5. QUANTO \u00c0 UTILIZA\u00c7\u00c3O DE COOKIES<\/h3>\n\n<p>Cookies s\u00e3o pequenos arquivos eletr\u00f4nicos baixados automaticamente em seu dispositivo, quando voc\u00ea acessa e navega por um site. Eles servem, basicamente, para que seja poss\u00edvel identificar atividades e prefer\u00eancias de usu\u00e1rios.<\/p>\n\n<p>As informa\u00e7\u00f5es coletadas por meio destes cookies s\u00e3o utilizadas para melhorar e personalizar a experi\u00eancia do usu\u00e1rio, sendo que alguns cookies podem, por exemplo, ser utilizados para lembrar as prefer\u00eancias e escolhas do usu\u00e1rio, bem como para o oferecimento de conte\u00fado personalizado.<\/p>\n\n<p>O usu\u00e1rio poder\u00e1 se opor ao registro de cookies pelo site, bastando que desative esta op\u00e7\u00e3o no seu pr\u00f3prio navegador.<\/p>\n\n<p>A desativa\u00e7\u00e3o dos cookies, no entanto, pode afetar a disponibilidade de algumas ferramentas e funcionalidades do site, comprometendo seu correto e esperado funcionamento. Outra consequ\u00eancia poss\u00edvel \u00e9 a remo\u00e7\u00e3o das prefer\u00eancias do usu\u00e1rio que eventualmente tiverem sido salvas, prejudicando sua experi\u00eancia.<\/p>\n<hr class=\"wp-block-separator has-alpha-channel-opacity\" \/>\n<h3 class=\"wp-block-heading\">6. QUAIS OS DIREITOS DOS TITULARES?<\/h3>\n\n<p>A Lei Geral de Prote\u00e7\u00e3o de Dados Pessoais (Lei n\u00ba 13.709\/18), concede direitos aos titulares dos dados pessoais, os quais seguimos e passamos a detalhar:<\/p>\n\n<p>6.1.\u00a0<strong>CONFIRMA\u00c7\u00c3O<\/strong>: Direito do titular de ter confirmado se determinado controlador ou operador possui seus dados pessoais.<\/p>\n\n<p>6.2.\u00a0<strong>ACESSO<\/strong>: Uma vez confirmado que seus dados est\u00e3o de posse de determinado controlador ou operador, o livre acesso ao seu conte\u00fado.<\/p>\n\n<p>6.3.\u00a0<strong>RETIFICA\u00c7\u00c3O<\/strong>: Caso seus dados estejam incorretos, incompletos ou desatualizados, o titular tem direito de sua retifica\u00e7\u00e3o. Ligado ao princ\u00edpio da qualidade de dados.<\/p>\n\n<p>6.4.\u00a0<strong>CANCELAMENTO<\/strong>: Ligado ao princ\u00edpio do consentimento, no qual o titular pode revogar sua autoriza\u00e7\u00e3o, cabendo ao controlador ou operador excluir os dados ou encontrar outra base legal.<\/p>\n\n<p>6.5.\u00a0<strong>OPOSI\u00c7\u00c3O<\/strong>: Direito de demonstrar que determinado tratamento est\u00e1 em acordo ou desacordo com a LGPD.<\/p>\n\n<p>6.6.\u00a0<strong>PORTABILIDADE<\/strong>: Direito de transfer\u00eancia de dados de uma empresa para outra.<\/p>\n\n<p>6.7.\u00a0<strong>DADOS COMPARTILHADOS<\/strong>: Direito de obter informa\u00e7\u00f5es sobre compartilhamento de dados, ou seja, o titular possui a autodetermina\u00e7\u00e3o e controle sobre seus pr\u00f3prios dados.<\/p>\n\n<p>\u00c9 importante destacar que, nos termos da LGPD, n\u00e3o existe um direito de elimina\u00e7\u00e3o de dados tratados com fundamento em bases legais distintas do consentimento, a menos que os dados sejam desnecess\u00e1rios, excessivos ou tratados em desconformidade com o previsto na Lei.<\/p>\n\n<p>Os titulares de dados pessoais tratados por n\u00f3s poder\u00e3o exercer seus direitos a partir do envio de mensagem ao nosso Encarregado de Prote\u00e7\u00e3o de Dados Pessoais, atrav\u00e9s do e-mail:\u00a0<a href=\"https:\/\/mailto:dadospessoais@brasilsat.com.br\/\" target=\"_blank\" rel=\"noreferrer noopener\">dadospessoais@brasilsat.com.br<\/a>.<\/p>\n\n<p>Para garantir que o usu\u00e1rio que pretende exercer seus direitos \u00e9, de fato, o titular dos dados pessoais objeto da requisi\u00e7\u00e3o, poderemos solicitar documentos ou outras informa\u00e7\u00f5es que possam auxiliar em sua correta identifica\u00e7\u00e3o, a fim de resguardar nossos direitos e os direitos de terceiros.<\/p>\n<hr class=\"wp-block-separator has-alpha-channel-opacity\" \/>\n<h3 class=\"wp-block-heading\">7. SOBRE A PREVEN\u00c7\u00c3O E SEGURAN\u00c7A DA INFORMA\u00c7\u00c3O<\/h3>\n\n<p>Empregamos medidas t\u00e9cnicas e organizacionais aptas a proteger os dados pessoais de acessos n\u00e3o autorizados e de situa\u00e7\u00f5es de destrui\u00e7\u00e3o, perda, extravio, vazamento ou altera\u00e7\u00e3o equivocadas.<\/p>\n\n<p>Entre as medidas de seguran\u00e7a adotadas por n\u00f3s, destacamos as seguintes:<\/p>\n\n<ul class=\"wp-block-list\">\n<li>A nossa base de dados somente \u00e9 acessada por profissionais treinados e autorizados, e comprometidos civil e criminalmente com a responsabilidade de sigilo das informa\u00e7\u00f5es acessadas;<\/li>\n\n<li>Acessos monitorados e fiscalizados;<\/li>\n\n<li>Treinamentos e auditorias voltadas \u00e0 preven\u00e7\u00e3o e seguran\u00e7a dos dados pessoais;<\/li>\n\n<li>Previs\u00e3o de medidas preventivas e de resposta r\u00e1pida a qualquer incidente de seguran\u00e7a da informa\u00e7\u00e3o.<\/li>\n<\/ul>\n\n<p>Ainda que adote tudo o que est\u00e1 ao nosso alcance para evitar incidentes de seguran\u00e7a, \u00e9 poss\u00edvel que ocorra algum problema motivado exclusivamente por terceiros, como em caso de ataques de hackers ou crackers ou, ainda, em caso de culpa exclusiva do usu\u00e1rio, que ocorre, por exemplo, quando ele mesmo transfere seus dados a terceiro.<\/p>\n\n<p>Assim, embora sejamos, em geral, respons\u00e1veis pelos dados pessoais que tratamos, nos eximimos de responsabilidade caso ocorra uma situa\u00e7\u00e3o excepcional como essas, sobre as quais n\u00e3o temos nenhum tipo de controle.<\/p>\n\n<p>De qualquer forma, caso ocorra qualquer tipo de incidente de seguran\u00e7a que possa gerar risco ou dano relevante para qualquer de nossos usu\u00e1rios, comunicaremos os afetados e a Autoridade Nacional de Prote\u00e7\u00e3o de Dados acerca do ocorrido, em conformidade com o disposto na Lei Geral de Prote\u00e7\u00e3o de Dados Pessoais.<\/p>\n<hr class=\"wp-block-separator has-alpha-channel-opacity\" \/>\n<h3 class=\"wp-block-heading\">8. ALTERA\u00c7\u00c3O E ATUALIZA\u00c7\u00c3O DA POL\u00cdTICA<\/h3>\n\n<p>Estamos sempre buscando melhorar nossos servi\u00e7os, por isso, esta Pol\u00edtica de Privacidade pode passar por atualiza\u00e7\u00f5es para refletir as melhorias realizadas.<\/p>\n\n<p>Desta forma, recomendamos a visita peri\u00f3dica desta p\u00e1gina para que voc\u00ea tenha conhecimento sobre as modifica\u00e7\u00f5es realizadas, e eventuais novidades relativas aos seus direitos e forma de tratamento de seus dados.<\/p>\n<hr class=\"wp-block-separator has-alpha-channel-opacity\" \/>\n<h3 class=\"wp-block-heading\">9. CANAL DE CONTATO<\/h3>\n\n<p>Em caso de d\u00favidas, ou, se voc\u00ea n\u00e3o est\u00e1 de acordo com alguma disposi\u00e7\u00e3o, ou mesmo se voc\u00ea desejar fazer cr\u00edticas ou elogios relacionadas \u00e0 nossa Pol\u00edtica de Privacidade, a empresa coloca \u00e0 sua disposi\u00e7\u00e3o o contato com nosso(a) Encarregado(a) de Dados (Data Protection Officer \u2013 DPO):<\/p>\n\n<p><a href=\"https:\/\/mailto:dadospessoais@brasilsat.com.br\/\" target=\"_blank\" rel=\"noreferrer noopener\">dadospessoais@brasilsat.com.br<\/a><\/p>\n\n<p><strong>BRASILSAT HARALD S.A.<\/strong><br \/>Encarregada de Dados &#8211; DPO<\/p>\n\n<p>Jean Romarez de Oliveira<br \/>Advogado \u2013 OAB\/SC 16.194<br \/><a href=\"https:\/\/mailto:jean@jeanromarez.com.br\/\" target=\"_blank\" rel=\"noreferrer noopener\">jean@jeanromarez.com.br<\/a><br \/><a href=\"http:\/\/www.jeanromarez.com.br\/\" target=\"_blank\" rel=\"noreferrer noopener\">www.jeanromarez.com.br<\/a><\/p>\n\t\t\t\t\t\t\t\t<\/div>\n\t\t\t\t<\/div>\n\t\t\t\t<\/div>\n\t\t<div class=\"elementor-element elementor-element-9d87102 e-con-full e-flex e-con e-child\" data-id=\"9d87102\" data-element_type=\"container\" data-e-type=\"container\" data-settings=\"{&quot;background_background&quot;:&quot;classic&quot;,&quot;sticky&quot;:&quot;top&quot;,&quot;sticky_offset&quot;:120,&quot;sticky_on&quot;:[&quot;desktop&quot;,&quot;tablet&quot;,&quot;mobile&quot;],&quot;sticky_effects_offset&quot;:0,&quot;sticky_anchor_link_offset&quot;:0}\">\n\t\t\t\t<div class=\"elementor-element elementor-element-24a88d8 texto elementor-widget elementor-widget-text-editor\" data-id=\"24a88d8\" data-element_type=\"widget\" data-e-type=\"widget\" data-widget_type=\"text-editor.default\">\n\t\t\t\t<div class=\"elementor-widget-container\">\n\t\t\t\t\t\t\t\t\t\n<h2 class=\"wp-block-heading\">SUM\u00c1RIO<\/h2>\n\n<ol class=\"wp-block-list\" start=\"1\">\n<li><strong>OBJETIVO<\/strong><\/li>\n\n<li><strong>QUAIS DADOS PESSOAIS S\u00c3O TRATADOS?<\/strong><\/li>\n\n<li><strong>QUAIS AS FINALIDADES DOS DADOS TRATADOS?<\/strong><\/li>\n\n<li><strong>SOBRE O COMPARTILHAMENTO DE DADOS<\/strong><\/li>\n\n<li><strong>QUANTO \u00c0 UTILIZA\u00c7\u00c3O DE COOKIES<\/strong><\/li>\n\n<li><strong>QUAIS OS DIREITOS DOS TITULARES?<\/strong><\/li>\n\n<li><strong>SOBRE A PREVEN\u00c7\u00c3O E SEGURAN\u00c7A DA INFORMA\u00c7\u00c3O<\/strong><\/li>\n\n<li><strong>ALTERA\u00c7\u00c3O E ATUALIZA\u00c7\u00c3O DA POL\u00cdTICA<\/strong><\/li>\n\n<li><strong>CANAL DE CONTATO<\/strong><\/li>\n<\/ol>\n\t\t\t\t\t\t\t\t<\/div>\n\t\t\t\t<\/div>\n\t\t\t\t<div class=\"elementor-element elementor-element-661153f elementor-widget elementor-widget-html\" data-id=\"661153f\" data-element_type=\"widget\" data-e-type=\"widget\" data-widget_type=\"html.default\">\n\t\t\t\t<div class=\"elementor-widget-container\">\n\t\t\t\t\t<script>\nconst idzation = (txt) => txt.normalize(\"NFD\").replace(\/[\\u0300-\\u036f]\/g, \"\").toLowerCase().replace(\/ \/g,'').replace(\/[^a-zA-Z\u00c0-\u00ff\\s]\/g, '')\n\ndocument.querySelectorAll('.texto').forEach(item =>{\n\n  item.querySelectorAll('p').forEach(p => p.style.marginBlock = 0)\n  \n  item.querySelectorAll('strong').forEach(strong => {\n      strong.innerText = strong.innerText.toLowerCase();\n      \n      if(strong.parentElement.tagName === 'LI'){\n          \n        strong.onclick = () =>{\n          document.querySelector(`#${idzation(strong.innerText)}`).scrollIntoView()\n        }\n      }\n   });\n  \n  item.querySelectorAll('h3').forEach(h3 =>{\n      h3.setAttribute('id', idzation(h3.innerText))\n  })\n})\n<\/script>\t\t\t\t<\/div>\n\t\t\t\t<\/div>\n\t\t\t\t<\/div>\n\t\t\t\t\t<\/div>\n\t\t\t\t<\/div>\n\t\t\t\t<\/div>\n\t\t","protected":false},"excerpt":{"rendered":"<p>Politica de Privacidade Atrav\u00e9s da Politica de Privacidade, o usu\u00e1rio dos produtos e servi\u00e7os BRASILSAT HARALD S.A. ter\u00e1 acesso sobre a forma de tratamento de seus dados pessoais, e a sua import\u00e2ncia para cumprimento de nosso mister. Mas, se ap\u00f3s a leitura ainda houver alguma d\u00favida, voc\u00ea pode entrar em contato conosco atrav\u00e9s do e-mail:\u00a0dadospessoais@brasilsat.com.br, [&hellip;]<\/p>\n","protected":false},"author":1,"featured_media":0,"parent":0,"menu_order":0,"comment_status":"closed","ping_status":"closed","template":"","meta":{"_acf_changed":false,"inline_featured_image":false,"footnotes":""},"class_list":["post-2757","page","type-page","status-publish","hentry"],"acf":[],"_links":{"self":[{"href":"https:\/\/brasilsat.com.br\/loja\/agro\/wp-json\/wp\/v2\/pages\/2757","targetHints":{"allow":["GET"]}}],"collection":[{"href":"https:\/\/brasilsat.com.br\/loja\/agro\/wp-json\/wp\/v2\/pages"}],"about":[{"href":"https:\/\/brasilsat.com.br\/loja\/agro\/wp-json\/wp\/v2\/types\/page"}],"author":[{"embeddable":true,"href":"https:\/\/brasilsat.com.br\/loja\/agro\/wp-json\/wp\/v2\/users\/1"}],"replies":[{"embeddable":true,"href":"https:\/\/brasilsat.com.br\/loja\/agro\/wp-json\/wp\/v2\/comments?post=2757"}],"version-history":[{"count":100,"href":"https:\/\/brasilsat.com.br\/loja\/agro\/wp-json\/wp\/v2\/pages\/2757\/revisions"}],"predecessor-version":[{"id":2860,"href":"https:\/\/brasilsat.com.br\/loja\/agro\/wp-json\/wp\/v2\/pages\/2757\/revisions\/2860"}],"wp:attachment":[{"href":"https:\/\/brasilsat.com.br\/loja\/agro\/wp-json\/wp\/v2\/media?parent=2757"}],"curies":[{"name":"wp","href":"https:\/\/api.w.org\/{rel}","templated":true}]}}